{"id":101923,"date":"2024-12-09T14:35:54","date_gmt":"2024-12-09T13:35:54","guid":{"rendered":"https:\/\/esbjergcamping.dk\/mobilheim\/"},"modified":"2025-12-15T14:24:08","modified_gmt":"2025-12-15T13:24:08","slug":"mobilheim","status":"publish","type":"page","link":"https:\/\/esbjergcamping.dk\/de\/huetten\/mobilheim\/","title":{"rendered":"Mobilheim"},"content":{"rendered":"<p>[et_pb_section fb_built=&#8220;1&#8243; _builder_version=&#8220;4.27.4&#8243; _module_preset=&#8220;default&#8220; use_background_color_gradient=&#8220;on&#8220; background_color_gradient_direction=&#8220;45deg&#8220; background_color_gradient_stops=&#8220;rgba(0,0,0,0.6) 0%|rgba(0,0,0,0.6) 100%&#8220; background_color_gradient_overlays_image=&#8220;on&#8220; background_image=&#8220;https:\/\/esbjergcamping.dk\/wp-content\/uploads\/2025\/02\/Esbjerg-Camping_logo-21-mobilehome.jpg&#8220; height=&#8220;400px&#8220; height_tablet=&#8220;350px&#8220; height_phone=&#8220;350px&#8220; height_last_edited=&#8220;on|phone&#8220; global_colors_info=&#8220;{}&#8220;][et_pb_row _builder_version=&#8220;4.17.3&#8243; _module_preset=&#8220;default&#8220; custom_padding=&#8220;||0px||false|false&#8220; global_colors_info=&#8220;{}&#8220;][et_pb_column type=&#8220;4_4&#8243; _builder_version=&#8220;4.17.3&#8243; _module_preset=&#8220;default&#8220; global_colors_info=&#8220;{}&#8220;][et_pb_text _builder_version=&#8220;4.27.4&#8243; _module_preset=&#8220;default&#8220; header_font=&#8220;||||||||&#8220; header_text_color=&#8220;#FFFFFF&#8220; header_2_text_color=&#8220;#FFFFFF&#8220; custom_margin=&#8220;||0px||false|false&#8220; border_color_all=&#8220;gcid-7ce7b00a-a0f7-4559-8af2-0adef5afd391&#8243; global_colors_info=&#8220;{%22gcid-7ce7b00a-a0f7-4559-8af2-0adef5afd391%22:%91%22border_color_all%22%93}&#8220;]<\/p>\n<h1><span data-teams=\"true\">Komfortable Unterkunft in Esbjerg &#8211; mieten Sie ein Mobilheim auf Esbjerg Camping<\/span><\/h1>\n<p>[\/et_pb_text][\/et_pb_column][\/et_pb_row][et_pb_row _builder_version=&#8220;4.17.3&#8243; _module_preset=&#8220;default&#8220; custom_padding=&#8220;0px||||false|false&#8220; global_colors_info=&#8220;{}&#8220;][et_pb_column type=&#8220;4_4&#8243; _builder_version=&#8220;4.17.3&#8243; _module_preset=&#8220;default&#8220; global_colors_info=&#8220;{}&#8220;][et_pb_divider color=&#8220;gcid-7ce7b00a-a0f7-4559-8af2-0adef5afd391&#8243; _builder_version=&#8220;4.17.3&#8243; _module_preset=&#8220;default&#8220; height=&#8220;0px&#8220; custom_margin=&#8220;||0px||false|false&#8220; custom_padding=&#8220;||||false|false&#8220; global_colors_info=&#8220;{%22gcid-7ce7b00a-a0f7-4559-8af2-0adef5afd391%22:%91%22border_color_right%22,%22color%22%93}&#8220;][\/et_pb_divider][et_pb_divider show_divider=&#8220;off&#8220; admin_label=&#8220;Point right bottom&#8220; module_class=&#8220;dot-right-bottom sub-page-dot&#8220; _builder_version=&#8220;4.27.4&#8243; _module_preset=&#8220;default&#8220; height=&#8220;25px&#8220; border_width_right=&#8220;1px&#8220; border_color_right=&#8220;gcid-7ce7b00a-a0f7-4559-8af2-0adef5afd391&#8243; global_colors_info=&#8220;{%22gcid-7ce7b00a-a0f7-4559-8af2-0adef5afd391%22:%91%22border_color_right%22%93}&#8220;][\/et_pb_divider][\/et_pb_column][\/et_pb_row][\/et_pb_section][et_pb_section fb_built=&#8220;1&#8243; specialty=&#8220;on&#8220; _builder_version=&#8220;4.27.3&#8243; _module_preset=&#8220;default&#8220; global_colors_info=&#8220;{}&#8220;][et_pb_column type=&#8220;1_4&#8243; _builder_version=&#8220;4.16&#8243; custom_padding=&#8220;|||&#8220; global_colors_info=&#8220;{}&#8220; custom_padding__hover=&#8220;|||&#8220;][et_pb_text _builder_version=&#8220;4.27.4&#8243; _module_preset=&#8220;default&#8220; background_color=&#8220;RGBA(255,255,255,0)&#8220; custom_padding=&#8220;15px|15px|15px|15px|true|true&#8220; border_radii=&#8220;on|10px|10px|10px|10px&#8220; border_width_all=&#8220;2px&#8220; border_color_all=&#8220;gcid-64bcecb8-1e08-4484-8de3-a2058d1920a9&#8243; box_shadow_style=&#8220;preset1&#8243; global_colors_info=&#8220;{%22gcid-64bcecb8-1e08-4484-8de3-a2058d1920a9%22:%91%22border_color_all%22%93,%22gcid-8cdd7364-22cd-4d4b-ae3f-fa8902efe9ab%22:%91%22background_color%22%93}&#8220;]<\/p>\n<h4>Badezimmer<\/h4>\n<ul>\n<li>Duschen<\/li>\n<li>Waschbecken<\/li>\n<\/ul>\n<h4>Toiletten<\/h4>\n<ul>\n<li>Toiletten<\/li>\n<\/ul>\n<h4>Ausstattung der K\u00fcche<\/h4>\n<ul>\n<li>Hei\u00dfluftofen<\/li>\n<li>Glaskeramik-Kochfelder<\/li>\n<li>Dunstabzugshaube<\/li>\n<li>K\u00fchlschrank mit Gefrierfach<\/li>\n<li>Kaffeemaschine und alle notwendigen K\u00fcchenger\u00e4te<\/li>\n<\/ul>\n<h4>Wohnzimmer<\/h4>\n<ul>\n<li>Essecke f\u00fcr 6 Personen<\/li>\n<li>Sofabett Couchtisch<\/li>\n<li>Farbfernseher<\/li>\n<\/ul>\n<h4>Schlafzimmer 1<\/h4>\n<ul>\n<li>Bett (160 cm breit) mit Bettdecken und Kopfkissen<\/li>\n<li>Garderobe<\/li>\n<li>Leselampen<\/li>\n<\/ul>\n<h4>Zimmer<\/h4>\n<ul>\n<li>2 Einzelbetten 80&#215;200 mit Bettdecken und Kopfkissen<\/li>\n<li>Kleiderschrank<\/li>\n<li>Leselampen<\/li>\n<\/ul>\n<ul><\/ul>\n<h4>\u00dcberdachte Terrasse<\/h4>\n<ul>\n<li>7,5 m2 \u00fcberdachte Terrasse<\/li>\n<li>6 St\u00fchle mit Tisch<\/li>\n<li>Beleuchtung<\/li>\n<li>Kugelgrill f\u00fcr Holzkohle<\/li>\n<\/ul>\n<p><em>RAUCHEN NICHT ERLAUBT<\/em><em><\/em><\/p>\n<p><em>HUNDE NICHT ERLAUBT<\/em><\/p>\n<p><em><\/em><\/p>\n<h5>Ankunft nach 15:00 Uhr. Abreise nicht sp\u00e4ter als 10:00 Uhr. <\/h5>\n<p>[\/et_pb_text][\/et_pb_column][et_pb_column type=&#8220;3_4&#8243; specialty_columns=&#8220;3&#8243; _builder_version=&#8220;4.16&#8243; custom_padding=&#8220;|||&#8220; global_colors_info=&#8220;{}&#8220; custom_padding__hover=&#8220;|||&#8220;][et_pb_row_inner _builder_version=&#8220;4.27.3&#8243; _module_preset=&#8220;default&#8220; locked=&#8220;off&#8220; global_colors_info=&#8220;{}&#8220;][et_pb_column_inner saved_specialty_column_type=&#8220;3_4&#8243; _builder_version=&#8220;4.27.3&#8243; _module_preset=&#8220;default&#8220; global_colors_info=&#8220;{}&#8220;][et_pb_gallery gallery_ids=&#8220;101461&#8243; fullwidth=&#8220;on&#8220; _builder_version=&#8220;4.27.4&#8243; _module_preset=&#8220;default&#8220; auto=&#8220;on&#8220; auto_speed=&#8220;4000&#8243; box_shadow_style=&#8220;preset1&#8243; global_colors_info=&#8220;{}&#8220;][\/et_pb_gallery][et_pb_button button_url=&#8220;https:\/\/esbjerg.bookonline.dk\/esbjergcamping?lang=de&#8220; button_text=&#8220;HIER BUCHEN&#8220; button_alignment=&#8220;center&#8220; _builder_version=&#8220;4.27.4&#8243; _dynamic_attributes=&#8220;button_url&#8220; _module_preset=&#8220;default&#8220; custom_button=&#8220;on&#8220; button_text_size=&#8220;16px&#8220; button_text_color=&#8220;#FFFFFF&#8220; button_bg_color=&#8220;gcid-64bcecb8-1e08-4484-8de3-a2058d1920a9&#8243; button_border_radius=&#8220;30px&#8220; transform_scale_tablet=&#8220;&#8220; transform_scale_phone=&#8220;&#8220; transform_scale_last_edited=&#8220;on|desktop&#8220; transform_translate=&#8220;0px|-230%&#8220; transform_translate_tablet=&#8220;0px|-220%&#8220; transform_translate_phone=&#8220;0px|-200%&#8220; transform_translate_last_edited=&#8220;on|phone&#8220; transform_translate_linked=&#8220;off&#8220; transform_rotate_tablet=&#8220;&#8220; transform_rotate_phone=&#8220;&#8220; transform_rotate_last_edited=&#8220;on|desktop&#8220; transform_skew_tablet=&#8220;&#8220; transform_skew_phone=&#8220;&#8220; transform_skew_last_edited=&#8220;on|desktop&#8220; transform_origin_tablet=&#8220;&#8220; transform_origin_phone=&#8220;&#8220; transform_origin_last_edited=&#8220;on|desktop&#8220; transform_styles_last_edited=&#8220;on|phone&#8220; z_index=&#8220;500&#8243; transform_styles_tablet=&#8220;&#8220; transform_styles_phone=&#8220;&#8220; global_module=&#8220;100366&#8243; saved_tabs=&#8220;all&#8220; global_colors_info=&#8220;{%22gcid-64bcecb8-1e08-4484-8de3-a2058d1920a9%22:%91%22button_bg_color%22%93}&#8220;][\/et_pb_button][et_pb_slider _builder_version=&#8220;4.27.4&#8243; _module_preset=&#8220;default&#8220; header_text_color=&#8220;#000000&#8243; body_text_color=&#8220;#212121&#8243; background_color=&#8220;RGBA(255,255,255,0)&#8220; custom_margin=&#8220;||||false|false&#8220; custom_padding=&#8220;10px|0px|60px|0px|false|false&#8220; hover_enabled=&#8220;0&#8243; border_radii=&#8220;on|50px|50px|50px|50px&#8220; box_shadow_style=&#8220;preset1&#8243; saved_tabs=&#8220;all&#8220; global_colors_info=&#8220;{%22gcid-heading-color%22:%91%22header_text_color%22%93,%22gcid-body-color%22:%91%22body_text_color%22%93}&#8220; sticky_enabled=&#8220;0&#8243;][et_pb_slide heading=&#8220;Nebensaison&#8220; button_text=&#8220;Hier buchen&#8220; button_link=&#8220;https:\/\/esbjerg.bookonline.dk\/esbjergcamping?lang=de&#8220; _builder_version=&#8220;4.27.4&#8243; _module_preset=&#8220;default&#8220; header_level=&#8220;h2&#8243; custom_button=&#8220;on&#8220; button_text_color=&#8220;#FFFFFF&#8220; button_bg_color=&#8220;gcid-64bcecb8-1e08-4484-8de3-a2058d1920a9&#8243; button_border_radius=&#8220;20px&#8220; background_layout=&#8220;light&#8220; hover_enabled=&#8220;0&#8243; global_colors_info=&#8220;{%22gcid-64bcecb8-1e08-4484-8de3-a2058d1920a9%22:%91%22button_bg_color%22%93}&#8220; sticky_transition=&#8220;on&#8220; sticky_enabled=&#8220;0&#8243;]<\/p>\n<p>Nebensaison 21\/3 &#8211; 27\/6 + 17\/8 &#8211; 19\/10 (keine Feiertage)<\/p>\n<p>Preise inkl. 4 Personen<\/p>\n<table border=\"1\" style=\"border-collapse: collapse; width: 100%; height: 240px;\">\n<tbody>\n<tr style=\"height: 72px;\">\n<td style=\"width: 49.8382%; height: 72px;\"><span>T\u00e4glicher Preis<\/span><\/td>\n<td width=\"129\" style=\"width: 50%; text-align: right; height: 72px;\">885,- kr.<\/td>\n<\/tr>\n<tr style=\"height: 24px;\">\n<td style=\"width: 49.8382%; height: 24px;\"><span>W\u00f6chentlicher Preis<\/span><\/td>\n<td style=\"width: 50%; text-align: right; height: 24px;\">6.195,- kr.<\/td>\n<\/tr>\n<tr style=\"height: 24px;\">\n<td style=\"width: 49.8382%; height: 24px;\"><span>Elektrizit\u00e4t pro kWh<\/span><\/td>\n<td style=\"width: 50%; text-align: right; height: 24px;\">5,- kr.<\/td>\n<\/tr>\n<tr style=\"height: 24px;\">\n<td style=\"width: 49.8382%; height: 24px;\"><span>Obligatorische Endreinigung<\/span><\/td>\n<td style=\"width: 50%; text-align: right; height: 24px;\">500,- Kr.<\/td>\n<\/tr>\n<tr style=\"height: 24px;\">\n<td style=\"width: 49.8382%; height: 24px;\">Aufpreis f\u00fcr nur 1 Tag<\/td>\n<td width=\"129\" style=\"width: 50%; text-align: right; height: 24px;\">300,- kr.<\/td>\n<\/tr>\n<tr style=\"height: 48px;\">\n<td style=\"width: 49.8382%; height: 48px;\">Aufpreis pro Person ab 4 Personen<\/td>\n<td style=\"width: 50%; text-align: right; height: 48px;\">106,- kr.<\/td>\n<\/tr>\n<tr>\n<td style=\"width: 49.8382%;\">Bettw\u00e4sche pro Set<\/td>\n<td style=\"width: 50%; text-align: right;\">100,- kr.<\/td>\n<\/tr>\n<\/tbody>\n<\/table>\n<p>[\/et_pb_slide][et_pb_slide heading=&#8220;Hochsaison&#8220; button_text=&#8220;Hier buchen&#8220; button_link=&#8220;https:\/\/esbjerg.bookonline.dk\/esbjergcamping?lang=de&#8220; _builder_version=&#8220;4.27.4&#8243; _module_preset=&#8220;default&#8220; header_level=&#8220;h2&#8243; custom_button=&#8220;on&#8220; button_text_color=&#8220;#FFFFFF&#8220; button_bg_color=&#8220;gcid-64bcecb8-1e08-4484-8de3-a2058d1920a9&#8243; button_border_radius=&#8220;20px&#8220; background_layout=&#8220;light&#8220; hover_enabled=&#8220;0&#8243; global_colors_info=&#8220;{%22gcid-64bcecb8-1e08-4484-8de3-a2058d1920a9%22:%91%22button_bg_color%22%93}&#8220; sticky_transition=&#8220;on&#8220; sticky_enabled=&#8220;0&#8243;]<\/p>\n<p>Hochsaison 27\/6 &#8211; 17\/8 &#8211; min. 3 Tage <\/p>\n<p>Preise inkl. 4 Personen<\/p>\n<table border=\"1\" style=\"border-collapse: collapse; width: 100%; height: 240px;\">\n<tbody>\n<tr style=\"height: 72px;\">\n<td style=\"width: 49.8382%; height: 72px;\"><span>T\u00e4glicher Preis <\/span><\/td>\n<td width=\"129\" style=\"width: 50%; text-align: right; height: 72px;\">1.085,- kr.<\/td>\n<\/tr>\n<tr style=\"height: 24px;\">\n<td style=\"width: 49.8382%; height: 24px;\"><span>W\u00f6chentlicher Preis<\/span><\/td>\n<td style=\"width: 50%; text-align: right; height: 24px;\">7.595,- kr.<\/td>\n<\/tr>\n<tr style=\"height: 24px;\">\n<td style=\"width: 49.8382%; height: 24px;\"><span>Elektrizit\u00e4t pro kWh<\/span><span><br \/><\/span><\/td>\n<td style=\"width: 50%; text-align: right; height: 24px;\">5,- kr.<\/td>\n<\/tr>\n<tr style=\"height: 24px;\">\n<td style=\"width: 49.8382%; height: 24px;\"><span>Obligatorische Endreinigung<\/span><\/td>\n<td style=\"width: 50%; text-align: right; height: 24px;\">500,- Kr.<\/td>\n<\/tr>\n<tr style=\"height: 24px;\">\n<td style=\"width: 49.8382%; height: 24px;\">Aufpreis f\u00fcr nur 1 Tag<\/td>\n<td width=\"129\" style=\"width: 50%; text-align: right; height: 24px;\">300,- kr.<\/td>\n<\/tr>\n<tr style=\"height: 48px;\">\n<td style=\"width: 49.8382%; height: 48px;\">Aufpreis pro Person ab 4 Personen<\/td>\n<td style=\"width: 50%; text-align: right; height: 48px;\">106,- kr.<\/td>\n<\/tr>\n<tr style=\"height: 24px;\">\n<td style=\"width: 49.8382%; height: 24px;\">Bettw\u00e4sche pro Set<\/td>\n<td style=\"width: 50%; text-align: right; height: 24px;\">100,- kr.<\/td>\n<\/tr>\n<\/tbody>\n<\/table>\n<p>[\/et_pb_slide][et_pb_slide heading=&#8220;Wintersaison&#8220; button_text=&#8220;Hier buchen&#8220; button_link=&#8220;https:\/\/esbjerg.bookonline.dk\/esbjergcamping?lang=de&#8220; _builder_version=&#8220;4.27.4&#8243; _module_preset=&#8220;default&#8220; header_level=&#8220;h2&#8243; custom_button=&#8220;on&#8220; button_text_color=&#8220;#FFFFFF&#8220; button_bg_color=&#8220;gcid-64bcecb8-1e08-4484-8de3-a2058d1920a9&#8243; button_border_radius=&#8220;20px&#8220; background_layout=&#8220;light&#8220; hover_enabled=&#8220;0&#8243; global_colors_info=&#8220;{%22gcid-64bcecb8-1e08-4484-8de3-a2058d1920a9%22:%91%22button_bg_color%22%93}&#8220; sticky_transition=&#8220;on&#8220; sticky_enabled=&#8220;0&#8243;]<\/p>\n<p>Wintersaison 19\/10 &#8211; 20\/3 2026<\/p>\n<p>Preise inkl. 4 Personen<\/p>\n<table border=\"1\" style=\"border-collapse: collapse; width: 100%; height: 202px;\">\n<tbody>\n<tr style=\"height: 72px;\">\n<td style=\"width: 49.8382%; height: 72px;\"><span>T\u00e4glicher Preis<\/span><\/td>\n<td width=\"129\" style=\"width: 50%; text-align: right; height: 72px;\">1000,- kr.<\/td>\n<\/tr>\n<tr>\n<td style=\"width: 49.8382%;\"><span>W\u00f6chentlicher Preis<\/span><\/td>\n<td style=\"width: 50%; text-align: right;\">4.900,- kr.<\/td>\n<\/tr>\n<tr>\n<td style=\"width: 49.8382%;\"><span>Elektrizit\u00e4t pro kWh<\/span><\/td>\n<td style=\"width: 50%; text-align: right;\">5,- kr.<\/td>\n<\/tr>\n<tr style=\"height: 24px;\">\n<td style=\"width: 49.8382%; height: 24px;\"><span>Obligatorische Endreinigung<\/span><\/td>\n<td style=\"width: 50%; text-align: right; height: 24px;\">500,- Kr.<\/td>\n<\/tr>\n<tr style=\"height: 24px;\">\n<td style=\"width: 49.8382%; height: 24px;\">Aufpreis f\u00fcr nur 1 Tag<\/td>\n<td width=\"129\" style=\"width: 50%; text-align: right; height: 24px;\">300,- kr.<\/td>\n<\/tr>\n<tr style=\"height: 48px;\">\n<td style=\"width: 49.8382%; height: 48px;\">Aufpreis pro Person ab 4 Personen<\/td>\n<td style=\"width: 50%; text-align: right; height: 48px;\">106,- kr.<\/td>\n<\/tr>\n<tr>\n<td style=\"width: 49.8382%;\">Bettw\u00e4sche pro Set<\/td>\n<td style=\"width: 50%; text-align: right;\">100,- kr.<\/td>\n<\/tr>\n<\/tbody>\n<\/table>\n<p>[\/et_pb_slide][et_pb_slide heading=&#8220;Feiertage&#8220; button_text=&#8220;Hier buchen&#8220; button_link=&#8220;https:\/\/esbjerg.bookonline.dk\/esbjergcamping?lang=de&#8220; _builder_version=&#8220;4.27.4&#8243; _module_preset=&#8220;default&#8220; header_level=&#8220;h2&#8243; custom_button=&#8220;on&#8220; button_text_color=&#8220;#FFFFFF&#8220; button_bg_color=&#8220;gcid-64bcecb8-1e08-4484-8de3-a2058d1920a9&#8243; button_border_radius=&#8220;20px&#8220; background_layout=&#8220;light&#8220; hover_enabled=&#8220;0&#8243; global_colors_info=&#8220;{%22gcid-64bcecb8-1e08-4484-8de3-a2058d1920a9%22:%91%22button_bg_color%22%93}&#8220; sticky_transition=&#8220;on&#8220; sticky_enabled=&#8220;0&#8243;]<\/p>\n<p>Feiertage &#8211; Ostern, Himmelfahrt &amp; Pfingsten<\/p>\n<p>In Kr. Himmelfahrt und Pfingsten werden nur f\u00fcr den gesamten Zeitraum vermietet. <\/p>\n<p>Preise inkl. 4 Personen<\/p>\n<table border=\"1\" style=\"border-collapse: collapse; width: 100%; height: 264px;\">\n<tbody>\n<tr style=\"height: 72px;\">\n<td style=\"width: 49.8382%; height: 72px;\"><span>Ostern &#8211; 16\/4-21\/4 pro Tag<\/span><\/td>\n<td width=\"129\" style=\"width: 50%; text-align: right; height: 72px;\">885,- kr.<\/td>\n<\/tr>\n<tr style=\"height: 24px;\">\n<td style=\"width: 49.8382%; height: 24px;\"><span>Kr. Himmelfahrt &#8211; 28\/5 &#8211; 1\/6 pro Tag <\/span><\/td>\n<td style=\"width: 50%; text-align: right; height: 24px;\">1.085,- kr.<\/td>\n<\/tr>\n<tr style=\"height: 24px;\">\n<td style=\"width: 49.8382%; height: 24px;\"><span>Pfingsten &#8211; 6\/6 &#8211; 9\/6 pro Tag<\/span><\/td>\n<td style=\"width: 50%; text-align: right; height: 24px;\">1.085,- kr.<\/td>\n<\/tr>\n<tr style=\"height: 24px;\">\n<td style=\"width: 49.8382%; height: 24px;\"><span>Elektrizit\u00e4t pro kWh<\/span><\/td>\n<td style=\"width: 50%; text-align: right; height: 24px;\">5,- kr.<\/td>\n<\/tr>\n<tr style=\"height: 24px;\">\n<td style=\"width: 49.8382%; height: 24px;\"><span>Obligatorische Endreinigung<\/span><\/td>\n<td style=\"width: 50%; text-align: right; height: 24px;\">500,- Kr.<\/td>\n<\/tr>\n<tr style=\"height: 24px;\">\n<td style=\"width: 49.8382%; height: 24px;\">Aufpreis f\u00fcr nur 1 Tag<\/td>\n<td width=\"129\" style=\"width: 50%; text-align: right; height: 24px;\">300,- kr.<\/td>\n<\/tr>\n<tr style=\"height: 48px;\">\n<td style=\"width: 49.8382%; height: 48px;\">Aufpreis pro Person ab 4 Personen<\/td>\n<td style=\"width: 50%; text-align: right; height: 48px;\">106,- kr.<\/td>\n<\/tr>\n<tr style=\"height: 24px;\">\n<td style=\"width: 49.8382%; height: 24px;\">Bettw\u00e4sche pro Set<\/td>\n<td style=\"width: 50%; text-align: right; height: 24px;\">100,- kr.<\/td>\n<\/tr>\n<\/tbody>\n<\/table>\n<p>[\/et_pb_slide][\/et_pb_slider][\/et_pb_column_inner][\/et_pb_row_inner][\/et_pb_column][\/et_pb_section][et_pb_section fb_built=&#8220;1&#8243; _builder_version=&#8220;4.27.4&#8243; _module_preset=&#8220;default&#8220; global_colors_info=&#8220;{}&#8220;][et_pb_row _builder_version=&#8220;4.27.4&#8243; _module_preset=&#8220;default&#8220; global_colors_info=&#8220;{}&#8220;][et_pb_column type=&#8220;4_4&#8243; _builder_version=&#8220;4.27.4&#8243; _module_preset=&#8220;default&#8220; global_colors_info=&#8220;{}&#8220;][et_pb_text _builder_version=&#8220;4.27.4&#8243; _module_preset=&#8220;default&#8220; global_colors_info=&#8220;{}&#8220;]<\/p>\n<h2>Campingkomfort mit Stadt und Strand gleich um die Ecke &#8211; wohnen Sie in unserem modernen Mobilheim in Esbjerg<\/h2>\n<p>[\/et_pb_text][et_pb_text _builder_version=&#8220;4.27.4&#8243; _module_preset=&#8220;default&#8220; global_colors_info=&#8220;{}&#8220;]<\/p>\n<p>M\u00f6chten Sie Komfort mit Naturerlebnissen verbinden? Unsere <strong>Mobilheime auf Esbjerg Camping<\/strong> sind eine beliebte Wahl f\u00fcr Familien, Paare und Wochenendg\u00e4ste, die eine g\u00fcnstige <strong>Unterkunft in Esbjerg<\/strong> suchen &#8211; in der N\u00e4he von Stadt und Strand. <\/p>\n<p>Das Mobilheim ist modern eingerichtet mit:<\/p>\n<ul>\n<li>Private Dusche und Toilette<\/li>\n<li>Vollst\u00e4ndig ausgestattete K\u00fcche mit Geschirr<\/li>\n<li>Schlafpl\u00e4tze f\u00fcr bis zu 6 Personen<\/li>\n<li>Wohnzimmer mit Essecke und Sofa<\/li>\n<li>Private Terrasse mit Gartenm\u00f6beln und Grill<\/li>\n<\/ul>\n<p>Hier haben Sie das Gef\u00fchl eines Ferienhauses &#8211; aber mit der Freiheit und Atmosph\u00e4re des Campings. Sie m\u00fcssen keine Ausr\u00fcstung mitnehmen und k\u00f6nnen sich von der ersten Minute an entspannen. <\/p>\n<p>[\/et_pb_text][et_pb_text _builder_version=&#8220;4.27.4&#8243; _module_preset=&#8220;default&#8220; global_colors_info=&#8220;{}&#8220;]<\/p>\n<h2><span data-teams=\"true\">Idealer Ausgangspunkt f\u00fcr Ferien in Westj\u00fctland<\/span><\/h2>\n<p>[\/et_pb_text][et_pb_text _builder_version=&#8220;4.27.4&#8243; _module_preset=&#8220;default&#8220; global_colors_info=&#8220;{}&#8220;]<\/p>\n<p>Von unserem Mobilheim aus sind Sie ganz nah an allem, was Westj\u00fctland zu bieten hat:<br \/>Nehmen Sie die F\u00e4hre nach Fan\u00f8, erkunden Sie den Wattenmeer-Nationalpark oder genie\u00dfen Sie das kulturelle Leben in der Stadt Esbjerg. Wenn Sie sich f\u00fcr Natur, Shopping oder Familienerlebnisse interessieren, finden Sie das alles in der N\u00e4he. <\/p>\n<p>Esbjerg Camping bietet auch Zugang zu einem beheizten Pool, einem Spielplatz, Minigolf und Aktivit\u00e4tsprogrammen w\u00e4hrend der Ferien &#8211; alles bequem von Ihrem Mobilheim aus.<\/p>\n<p>[\/et_pb_text][et_pb_text _builder_version=&#8220;4.27.4&#8243; _module_preset=&#8220;default&#8220; global_colors_info=&#8220;{}&#8220;]<\/p>\n<h2>Urlaub mit Komfort und Naturerlebnissen &#8211; buchen Sie noch heute Ihr Mobilheim in Esbjerg<\/h2>\n<p>[\/et_pb_text][et_pb_text _builder_version=&#8220;4.27.4&#8243; _module_preset=&#8220;default&#8220; global_colors_info=&#8220;{}&#8220;]<\/p>\n<p><span data-teams=\"true\">  Buchen Sie noch heute Ihr <strong>Mobilheim in Esbjerg<\/strong> und genie\u00dfen Sie einen Urlaub mit Komfort, Freiheit und Natur &#8211; mitten im Herzen von Westj\u00fctland.<\/span><\/p>\n<p>[\/et_pb_text][\/et_pb_column][\/et_pb_row][et_pb_row _builder_version=&#8220;4.27.4&#8243; _module_preset=&#8220;default&#8220; global_colors_info=&#8220;{}&#8220;][et_pb_column type=&#8220;4_4&#8243; _builder_version=&#8220;4.27.4&#8243; _module_preset=&#8220;default&#8220; global_colors_info=&#8220;{}&#8220;][\/et_pb_column][\/et_pb_row][\/et_pb_section][et_pb_section fb_built=&#8220;1&#8243; fullwidth=&#8220;on&#8220; _builder_version=&#8220;4.27.3&#8243; _module_preset=&#8220;default&#8220; global_colors_info=&#8220;{}&#8220;][et_pb_fullwidth_slider _builder_version=&#8220;4.27.4&#8243; _module_preset=&#8220;default&#8220; height=&#8220;600px&#8220; height_tablet=&#8220;300px&#8220; height_phone=&#8220;250px&#8220; height_last_edited=&#8220;on|phone&#8220; global_colors_info=&#8220;{}&#8220;][et_pb_slide _builder_version=&#8220;4.27.4&#8243; _module_preset=&#8220;default&#8220; background_image=&#8220;https:\/\/esbjergcamping.dk\/wp-content\/uploads\/2025\/02\/IMG_7122mobilehome.jpeg&#8220; background_enable_image=&#8220;on&#8220; global_colors_info=&#8220;{}&#8220; sticky_transition=&#8220;on&#8220;][\/et_pb_slide][et_pb_slide _builder_version=&#8220;4.27.4&#8243; _module_preset=&#8220;default&#8220; background_image=&#8220;https:\/\/esbjergcamping.dk\/wp-content\/uploads\/2025\/02\/IMG_7124mobilehome.jpeg&#8220; background_enable_image=&#8220;on&#8220; global_colors_info=&#8220;{}&#8220; sticky_transition=&#8220;on&#8220;][\/et_pb_slide][et_pb_slide _builder_version=&#8220;4.27.4&#8243; _module_preset=&#8220;default&#8220; background_image=&#8220;https:\/\/esbjergcamping.dk\/wp-content\/uploads\/2025\/02\/IMG_7126.jpeg&#8220; background_enable_image=&#8220;on&#8220; global_colors_info=&#8220;{}&#8220; sticky_transition=&#8220;on&#8220;][\/et_pb_slide][et_pb_slide _builder_version=&#8220;4.27.4&#8243; _module_preset=&#8220;default&#8220; background_image=&#8220;https:\/\/esbjergcamping.dk\/wp-content\/uploads\/2025\/02\/IMG_7121mobilehome.jpeg&#8220; background_enable_image=&#8220;on&#8220; global_colors_info=&#8220;{}&#8220; sticky_transition=&#8220;on&#8220;][\/et_pb_slide][\/et_pb_fullwidth_slider][\/et_pb_section][et_pb_section fb_built=&#8220;1&#8243; _builder_version=&#8220;4.27.3&#8243; _module_preset=&#8220;default&#8220; global_colors_info=&#8220;{}&#8220;][et_pb_row _builder_version=&#8220;4.27.3&#8243; _module_preset=&#8220;default&#8220; global_colors_info=&#8220;{}&#8220;][et_pb_column type=&#8220;4_4&#8243; _builder_version=&#8220;4.27.3&#8243; _module_preset=&#8220;default&#8220; global_colors_info=&#8220;{}&#8220;][et_pb_heading title=&#8220;Siehe unsere anderen H\u00fctten&#8220; _builder_version=&#8220;4.27.4&#8243; _module_preset=&#8220;default&#8220; title_level=&#8220;h3&#8243; title_text_align=&#8220;center&#8220; global_colors_info=&#8220;{}&#8220;][\/et_pb_heading][\/et_pb_column][\/et_pb_row][et_pb_row column_structure=&#8220;1_3,1_3,1_3&#8243; _builder_version=&#8220;4.27.4&#8243; _module_preset=&#8220;default&#8220; global_colors_info=&#8220;{}&#8220;][et_pb_column type=&#8220;1_3&#8243; _builder_version=&#8220;4.27.4&#8243; _dynamic_attributes=&#8220;link_option_url&#8220; _module_preset=&#8220;default&#8220; custom_padding=&#8220;10px|10px|10px|10px|true|true&#8220; link_option_url=&#8220;@ET-DC@eyJkeW5hbWljIjp0cnVlLCJjb250ZW50IjoicG9zdF9saW5rX3VybF9wYWdlIiwic2V0dGluZ3MiOnsicG9zdF9pZCI6IjEwMDc2MCIsImVuYWJsZV9odG1sIjoib2ZmIn19@&#8220; border_radii=&#8220;on|20px|20px|20px|20px&#8220; box_shadow_style=&#8220;preset1&#8243; global_colors_info=&#8220;{}&#8220;][et_pb_image src=&#8220;https:\/\/esbjergcamping.dk\/wp-content\/uploads\/2025\/02\/luksushytte-5pers-1-1.jpg&#8220; title_text=&#8220;Luxus-Kabine-5pers-1 (1)&#8220; _builder_version=&#8220;4.27.4&#8243; _module_preset=&#8220;default&#8220; border_radii=&#8220;off|10px|10px||&#8220; global_colors_info=&#8220;{}&#8220;][\/et_pb_image][et_pb_heading title=&#8220;Luxus-Kabine &#8211; 5 Pers.&#8220; _builder_version=&#8220;4.27.4&#8243; _module_preset=&#8220;default&#8220; title_level=&#8220;h4&#8243; title_text_align=&#8220;center&#8220; global_colors_info=&#8220;{}&#8220;][\/et_pb_heading][\/et_pb_column][et_pb_column type=&#8220;1_3&#8243; _builder_version=&#8220;4.27.4&#8243; _dynamic_attributes=&#8220;link_option_url&#8220; _module_preset=&#8220;default&#8220; custom_padding=&#8220;10px|10px|10px|10px|true|true&#8220; link_option_url=&#8220;@ET-DC@eyJkeW5hbWljIjp0cnVlLCJjb250ZW50IjoicG9zdF9saW5rX3VybF9wYWdlIiwic2V0dGluZ3MiOnsicG9zdF9pZCI6IjEwMDc2MSIsImVuYWJsZV9odG1sIjoib2ZmIn19@&#8220; border_radii=&#8220;on|20px|20px|20px|20px&#8220; box_shadow_style=&#8220;preset1&#8243; global_colors_info=&#8220;{}&#8220;][et_pb_image src=&#8220;https:\/\/esbjergcamping.dk\/wp-content\/uploads\/2025\/02\/luxhytte-6pers-1-1.jpg&#8220; title_text=&#8220;Luxus-Kabine-6pers-1 (1)&#8220; _builder_version=&#8220;4.27.4&#8243; _module_preset=&#8220;default&#8220; border_radii=&#8220;off|10px|10px||&#8220; global_colors_info=&#8220;{}&#8220;][\/et_pb_image][et_pb_heading title=&#8220;Luxus-Kabine &#8211; 6 Pers.&#8220; _builder_version=&#8220;4.27.4&#8243; _module_preset=&#8220;default&#8220; title_level=&#8220;h4&#8243; title_text_align=&#8220;center&#8220; global_colors_info=&#8220;{}&#8220;][\/et_pb_heading][\/et_pb_column][et_pb_column type=&#8220;1_3&#8243; _builder_version=&#8220;4.27.4&#8243; _dynamic_attributes=&#8220;link_option_url&#8220; _module_preset=&#8220;default&#8220; custom_padding=&#8220;10px|10px|10px|10px|true|true&#8220; link_option_url=&#8220;@ET-DC@eyJkeW5hbWljIjp0cnVlLCJjb250ZW50IjoicG9zdF9saW5rX3VybF9wYWdlIiwic2V0dGluZ3MiOnsicG9zdF9pZCI6IjEwMDc2MiIsImVuYWJsZV9odG1sIjoib2ZmIn19@&#8220; border_radii=&#8220;on|20px|20px|20px|20px&#8220; box_shadow_style=&#8220;preset1&#8243; global_colors_info=&#8220;{}&#8220;][et_pb_image src=&#8220;https:\/\/esbjergcamping.dk\/wp-content\/uploads\/2025\/02\/komforthytte-esbjerg.jpg&#8220; title_text=&#8220;Komfortkabine esbjerg&#8220; _builder_version=&#8220;4.27.4&#8243; _module_preset=&#8220;default&#8220; border_radii=&#8220;off|10px|10px||&#8220; global_colors_info=&#8220;{}&#8220;][\/et_pb_image][et_pb_heading title=&#8220;Luxuskabine &#8211; Komfort&#8220; _builder_version=&#8220;4.27.4&#8243; _module_preset=&#8220;default&#8220; title_level=&#8220;h4&#8243; title_text_align=&#8220;center&#8220; global_colors_info=&#8220;{}&#8220;][\/et_pb_heading][\/et_pb_column][\/et_pb_row][\/et_pb_section]<\/p>\n","protected":false},"excerpt":{"rendered":"<p>Komfortable Unterkunft in Esbjerg &#8211; mieten Sie ein Mobilheim auf Esbjerg CampingBadezimmer Duschen Waschbecken Toiletten Toiletten Ausstattung der K\u00fcche Hei\u00dfluftofen Glaskeramik-Kochfelder Dunstabzugshaube K\u00fchlschrank mit Gefrierfach Kaffeemaschine und alle notwendigen K\u00fcchenger\u00e4te Wohnzimmer Essecke f\u00fcr 6 Personen Sofabett Couchtisch Farbfernseher Schlafzimmer 1 Bett (160 cm breit) mit Bettdecken und Kopfkissen Garderobe Leselampen Zimmer 2 Einzelbetten 80&#215;200 mit [&hellip;]<\/p>\n","protected":false},"author":1,"featured_media":0,"parent":102135,"menu_order":0,"comment_status":"closed","ping_status":"closed","template":"","meta":{"_et_pb_use_builder":"on","_et_pb_old_content":"","_et_gb_content_width":"","footnotes":""},"folder":[],"class_list":["post-101923","page","type-page","status-publish","hentry"],"yoast_head":"<!-- This site is optimized with the Yoast SEO plugin v27.4 - https:\/\/yoast.com\/product\/yoast-seo-wordpress\/ -->\n<title>Mobilheim in Esbjerg | Familienfreundliche Unterkunft in Westj\u00fctland<\/title>\n<meta name=\"description\" content=\"Mieten Sie ein komfortables Mobilheim auf Esbjerg Camping mit Platz f\u00fcr die Familie. Perfekt f\u00fcr einen Urlaub in Westj\u00fctland - in der N\u00e4he von Strand, Wattenmeer und Erlebnissen in Esbjerg.\" \/>\n<meta name=\"robots\" content=\"index, follow, max-snippet:-1, max-image-preview:large, max-video-preview:-1\" \/>\n<link rel=\"canonical\" href=\"https:\/\/esbjergcamping.dk\/de\/huetten\/mobilheim\/\" \/>\n<meta property=\"og:locale\" content=\"de_DE\" \/>\n<meta property=\"og:type\" content=\"article\" \/>\n<meta property=\"og:title\" content=\"Mobilheim in Esbjerg | Familienfreundliche Unterkunft in Westj\u00fctland\" \/>\n<meta property=\"og:description\" content=\"Mieten Sie ein komfortables Mobilheim auf Esbjerg Camping mit Platz f\u00fcr die Familie. Perfekt f\u00fcr einen Urlaub in Westj\u00fctland - in der N\u00e4he von Strand, Wattenmeer und Erlebnissen in Esbjerg.\" \/>\n<meta property=\"og:url\" content=\"https:\/\/esbjergcamping.dk\/de\/huetten\/mobilheim\/\" \/>\n<meta property=\"og:site_name\" content=\"Esbjerg Camping\" \/>\n<meta property=\"article:modified_time\" content=\"2025-12-15T13:24:08+00:00\" \/>\n<meta name=\"twitter:card\" content=\"summary_large_image\" \/>\n<meta name=\"twitter:label1\" content=\"Gesch\u00e4tzte Lesezeit\" \/>\n\t<meta name=\"twitter:data1\" content=\"12\u00a0Minuten\" \/>\n<script type=\"application\/ld+json\" class=\"yoast-schema-graph\">{\"@context\":\"https:\\\/\\\/schema.org\",\"@graph\":[{\"@type\":\"WebPage\",\"@id\":\"https:\\\/\\\/esbjergcamping.dk\\\/de\\\/huetten\\\/mobilheim\\\/\",\"url\":\"https:\\\/\\\/esbjergcamping.dk\\\/de\\\/huetten\\\/mobilheim\\\/\",\"name\":\"Mobilheim in Esbjerg | Familienfreundliche Unterkunft in Westj\u00fctland\",\"isPartOf\":{\"@id\":\"https:\\\/\\\/esbjergcamping.dk\\\/de\\\/#website\"},\"datePublished\":\"2024-12-09T13:35:54+00:00\",\"dateModified\":\"2025-12-15T13:24:08+00:00\",\"description\":\"Mieten Sie ein komfortables Mobilheim auf Esbjerg Camping mit Platz f\u00fcr die Familie. Perfekt f\u00fcr einen Urlaub in Westj\u00fctland - in der N\u00e4he von Strand, Wattenmeer und Erlebnissen in Esbjerg.\",\"breadcrumb\":{\"@id\":\"https:\\\/\\\/esbjergcamping.dk\\\/de\\\/huetten\\\/mobilheim\\\/#breadcrumb\"},\"inLanguage\":\"de\",\"potentialAction\":[{\"@type\":\"ReadAction\",\"target\":[\"https:\\\/\\\/esbjergcamping.dk\\\/de\\\/huetten\\\/mobilheim\\\/\"]}]},{\"@type\":\"BreadcrumbList\",\"@id\":\"https:\\\/\\\/esbjergcamping.dk\\\/de\\\/huetten\\\/mobilheim\\\/#breadcrumb\",\"itemListElement\":[{\"@type\":\"ListItem\",\"position\":1,\"name\":\"Home\",\"item\":\"https:\\\/\\\/esbjergcamping.dk\\\/de\\\/\"},{\"@type\":\"ListItem\",\"position\":2,\"name\":\"H\u00fctten\",\"item\":\"https:\\\/\\\/esbjergcamping.dk\\\/de\\\/huetten\\\/\"},{\"@type\":\"ListItem\",\"position\":3,\"name\":\"Mobilheim\"}]},{\"@type\":\"WebSite\",\"@id\":\"https:\\\/\\\/esbjergcamping.dk\\\/de\\\/#website\",\"url\":\"https:\\\/\\\/esbjergcamping.dk\\\/de\\\/\",\"name\":\"Esbjerg Camping\",\"description\":\"Din n\u00e6ste campingferie\",\"potentialAction\":[{\"@type\":\"SearchAction\",\"target\":{\"@type\":\"EntryPoint\",\"urlTemplate\":\"https:\\\/\\\/esbjergcamping.dk\\\/de\\\/?s={search_term_string}\"},\"query-input\":{\"@type\":\"PropertyValueSpecification\",\"valueRequired\":true,\"valueName\":\"search_term_string\"}}],\"inLanguage\":\"de\"}]}<\/script>\n<!-- \/ Yoast SEO plugin. -->","yoast_head_json":{"title":"Mobilheim in Esbjerg | Familienfreundliche Unterkunft in Westj\u00fctland","description":"Mieten Sie ein komfortables Mobilheim auf Esbjerg Camping mit Platz f\u00fcr die Familie. Perfekt f\u00fcr einen Urlaub in Westj\u00fctland - in der N\u00e4he von Strand, Wattenmeer und Erlebnissen in Esbjerg.","robots":{"index":"index","follow":"follow","max-snippet":"max-snippet:-1","max-image-preview":"max-image-preview:large","max-video-preview":"max-video-preview:-1"},"canonical":"https:\/\/esbjergcamping.dk\/de\/huetten\/mobilheim\/","og_locale":"de_DE","og_type":"article","og_title":"Mobilheim in Esbjerg | Familienfreundliche Unterkunft in Westj\u00fctland","og_description":"Mieten Sie ein komfortables Mobilheim auf Esbjerg Camping mit Platz f\u00fcr die Familie. Perfekt f\u00fcr einen Urlaub in Westj\u00fctland - in der N\u00e4he von Strand, Wattenmeer und Erlebnissen in Esbjerg.","og_url":"https:\/\/esbjergcamping.dk\/de\/huetten\/mobilheim\/","og_site_name":"Esbjerg Camping","article_modified_time":"2025-12-15T13:24:08+00:00","twitter_card":"summary_large_image","twitter_misc":{"Gesch\u00e4tzte Lesezeit":"12\u00a0Minuten"},"schema":{"@context":"https:\/\/schema.org","@graph":[{"@type":"WebPage","@id":"https:\/\/esbjergcamping.dk\/de\/huetten\/mobilheim\/","url":"https:\/\/esbjergcamping.dk\/de\/huetten\/mobilheim\/","name":"Mobilheim in Esbjerg | Familienfreundliche Unterkunft in Westj\u00fctland","isPartOf":{"@id":"https:\/\/esbjergcamping.dk\/de\/#website"},"datePublished":"2024-12-09T13:35:54+00:00","dateModified":"2025-12-15T13:24:08+00:00","description":"Mieten Sie ein komfortables Mobilheim auf Esbjerg Camping mit Platz f\u00fcr die Familie. Perfekt f\u00fcr einen Urlaub in Westj\u00fctland - in der N\u00e4he von Strand, Wattenmeer und Erlebnissen in Esbjerg.","breadcrumb":{"@id":"https:\/\/esbjergcamping.dk\/de\/huetten\/mobilheim\/#breadcrumb"},"inLanguage":"de","potentialAction":[{"@type":"ReadAction","target":["https:\/\/esbjergcamping.dk\/de\/huetten\/mobilheim\/"]}]},{"@type":"BreadcrumbList","@id":"https:\/\/esbjergcamping.dk\/de\/huetten\/mobilheim\/#breadcrumb","itemListElement":[{"@type":"ListItem","position":1,"name":"Home","item":"https:\/\/esbjergcamping.dk\/de\/"},{"@type":"ListItem","position":2,"name":"H\u00fctten","item":"https:\/\/esbjergcamping.dk\/de\/huetten\/"},{"@type":"ListItem","position":3,"name":"Mobilheim"}]},{"@type":"WebSite","@id":"https:\/\/esbjergcamping.dk\/de\/#website","url":"https:\/\/esbjergcamping.dk\/de\/","name":"Esbjerg Camping","description":"Din n\u00e6ste campingferie","potentialAction":[{"@type":"SearchAction","target":{"@type":"EntryPoint","urlTemplate":"https:\/\/esbjergcamping.dk\/de\/?s={search_term_string}"},"query-input":{"@type":"PropertyValueSpecification","valueRequired":true,"valueName":"search_term_string"}}],"inLanguage":"de"}]}},"_links":{"self":[{"href":"https:\/\/esbjergcamping.dk\/de\/wp-json\/wp\/v2\/pages\/101923","targetHints":{"allow":["GET"]}}],"collection":[{"href":"https:\/\/esbjergcamping.dk\/de\/wp-json\/wp\/v2\/pages"}],"about":[{"href":"https:\/\/esbjergcamping.dk\/de\/wp-json\/wp\/v2\/types\/page"}],"author":[{"embeddable":true,"href":"https:\/\/esbjergcamping.dk\/de\/wp-json\/wp\/v2\/users\/1"}],"replies":[{"embeddable":true,"href":"https:\/\/esbjergcamping.dk\/de\/wp-json\/wp\/v2\/comments?post=101923"}],"version-history":[{"count":7,"href":"https:\/\/esbjergcamping.dk\/de\/wp-json\/wp\/v2\/pages\/101923\/revisions"}],"predecessor-version":[{"id":103116,"href":"https:\/\/esbjergcamping.dk\/de\/wp-json\/wp\/v2\/pages\/101923\/revisions\/103116"}],"up":[{"embeddable":true,"href":"https:\/\/esbjergcamping.dk\/de\/wp-json\/wp\/v2\/pages\/102135"}],"wp:attachment":[{"href":"https:\/\/esbjergcamping.dk\/de\/wp-json\/wp\/v2\/media?parent=101923"}],"wp:term":[{"taxonomy":"folder","embeddable":true,"href":"https:\/\/esbjergcamping.dk\/de\/wp-json\/wp\/v2\/folder?post=101923"}],"curies":[{"name":"wp","href":"https:\/\/api.w.org\/{rel}","templated":true}]}}