{"id":101970,"date":"2024-11-17T14:34:44","date_gmt":"2024-11-17T13:34:44","guid":{"rendered":"https:\/\/esbjergcamping.dk\/faq\/"},"modified":"2026-04-23T13:38:28","modified_gmt":"2026-04-23T12:38:28","slug":"faq","status":"publish","type":"page","link":"https:\/\/esbjergcamping.dk\/de\/das-quadrat\/faq\/","title":{"rendered":"FAQ"},"content":{"rendered":"<p>[et_pb_section fb_built=&#8220;1&#8243; _builder_version=&#8220;4.27.4&#8243; _module_preset=&#8220;default&#8220; use_background_color_gradient=&#8220;on&#8220; background_color_gradient_direction=&#8220;45deg&#8220; background_color_gradient_stops=&#8220;rgba(0,0,0,0.6) 0%|rgba(0,0,0,0.6) 100%&#8220; background_color_gradient_overlays_image=&#8220;on&#8220; background_image=&#8220;https:\/\/esbjergcamping.dk\/wp-content\/uploads\/2025\/02\/Esbjerg-Camping_logo-1.jpg&#8220; height=&#8220;400px&#8220; height_tablet=&#8220;350px&#8220; height_phone=&#8220;350px&#8220; height_last_edited=&#8220;on|phone&#8220; global_colors_info=&#8220;{}&#8220;][et_pb_row _builder_version=&#8220;4.17.3&#8243; _module_preset=&#8220;default&#8220; custom_padding=&#8220;||0px||false|false&#8220; global_colors_info=&#8220;{}&#8220;][et_pb_column type=&#8220;4_4&#8243; _builder_version=&#8220;4.17.3&#8243; _module_preset=&#8220;default&#8220; global_colors_info=&#8220;{}&#8220;][et_pb_text _builder_version=&#8220;4.27.3&#8243; _module_preset=&#8220;default&#8220; header_font=&#8220;||||||||&#8220; header_text_color=&#8220;#FFFFFF&#8220; header_2_text_color=&#8220;#FFFFFF&#8220; custom_margin=&#8220;||0px||false|false&#8220; border_color_all=&#8220;gcid-7ce7b00a-a0f7-4559-8af2-0adef5afd391&#8243; global_colors_info=&#8220;{%22gcid-7ce7b00a-a0f7-4559-8af2-0adef5afd391%22:%91%22border_color_all%22%93}&#8220;]<\/p>\n<h1>Informationen \/ FAQ<\/h1>\n<p>[\/et_pb_text][\/et_pb_column][\/et_pb_row][et_pb_row _builder_version=&#8220;4.17.3&#8243; _module_preset=&#8220;default&#8220; custom_padding=&#8220;0px||||false|false&#8220; global_colors_info=&#8220;{}&#8220;][et_pb_column type=&#8220;4_4&#8243; _builder_version=&#8220;4.17.3&#8243; _module_preset=&#8220;default&#8220; global_colors_info=&#8220;{}&#8220;][et_pb_divider color=&#8220;gcid-7ce7b00a-a0f7-4559-8af2-0adef5afd391&#8243; _builder_version=&#8220;4.17.3&#8243; _module_preset=&#8220;default&#8220; height=&#8220;0px&#8220; custom_margin=&#8220;||0px||false|false&#8220; custom_padding=&#8220;||||false|false&#8220; global_colors_info=&#8220;{%22gcid-7ce7b00a-a0f7-4559-8af2-0adef5afd391%22:%91%22border_color_right%22,%22color%22%93}&#8220;][\/et_pb_divider][et_pb_divider show_divider=&#8220;off&#8220; admin_label=&#8220;Point right bottom&#8220; module_class=&#8220;dot-right-bottom sub-page-dot&#8220; _builder_version=&#8220;4.17.3&#8243; _module_preset=&#8220;default&#8220; height=&#8220;25px&#8220; border_width_right=&#8220;1px&#8220; border_color_right=&#8220;gcid-7ce7b00a-a0f7-4559-8af2-0adef5afd391&#8243; global_colors_info=&#8220;{%22gcid-7ce7b00a-a0f7-4559-8af2-0adef5afd391%22:%91%22border_color_right%22%93}&#8220;][\/et_pb_divider][\/et_pb_column][\/et_pb_row][\/et_pb_section][et_pb_section fb_built=&#8220;1&#8243; _builder_version=&#8220;4.27.3&#8243; _module_preset=&#8220;default&#8220; background_image=&#8220;https:\/\/esbjergcamping.dk\/wp-content\/uploads\/2024\/10\/corner-dots-left-top.png&#8220; background_size=&#8220;initial&#8220; background_position=&#8220;top_left&#8220; background_last_edited=&#8220;on|desktop&#8220; background_enable_image_tablet=&#8220;off&#8220; global_colors_info=&#8220;{}&#8220;][et_pb_row column_structure=&#8220;1_2,1_2&#8243; _builder_version=&#8220;4.27.3&#8243; _module_preset=&#8220;default&#8220; custom_padding=&#8220;50px||35px||false|false&#8220; global_colors_info=&#8220;{}&#8220;][et_pb_column type=&#8220;1_2&#8243; _builder_version=&#8220;4.17.3&#8243; _module_preset=&#8220;default&#8220; custom_padding=&#8220;25px||||false|false&#8220; global_colors_info=&#8220;{}&#8220;][et_pb_text _builder_version=&#8220;4.27.3&#8243; _module_preset=&#8220;default&#8220; text_font=&#8220;||||||||&#8220; text_line_height=&#8220;1.8em&#8220; global_colors_info=&#8220;{}&#8220;]<\/p>\n<p>Wir haben eine \u00dcbersicht \u00fcber einige der am h\u00e4ufigsten gestellten Fragen zusammengestellt, damit Sie die Antwort auf einige Ihrer eigenen Fragen finden k\u00f6nnen.<\/p>\n<p>Glauben Sie, dass es bestimmte Themen gibt, die fehlen?  <br \/>Lassen Sie es uns an der Rezeption wissen und wir werden diese Seite auf dem neuesten Stand halten.<\/p>\n<p>[\/et_pb_text][\/et_pb_column][et_pb_column type=&#8220;1_2&#8243; _builder_version=&#8220;4.17.3&#8243; _module_preset=&#8220;default&#8220; custom_padding=&#8220;25px||||false|false&#8220; global_colors_info=&#8220;{}&#8220;][et_pb_text _builder_version=&#8220;4.27.4&#8243; _module_preset=&#8220;default&#8220; text_font=&#8220;||||||||&#8220; text_line_height=&#8220;1.8em&#8220; global_colors_info=&#8220;{}&#8220;]<\/p>\n<h4>Bequeme Telefonnummern.<\/h4>\n<p>112 Alarm<\/p>\n<p>Polizei 114<\/p>\n<p>Medizinischer Notfalldienst 7011 0707<\/p>\n<p>Esbjerg Camping 7515 8822<\/p>\n<p>Taxi 7514 4500<\/p>\n<p>[\/et_pb_text][\/et_pb_column][\/et_pb_row][\/et_pb_section][et_pb_section fb_built=&#8220;1&#8243; _builder_version=&#8220;4.27.3&#8243; _module_preset=&#8220;default&#8220; background_color=&#8220;RGBA(255,255,255,0)&#8220; global_colors_info=&#8220;{}&#8220;][et_pb_row column_structure=&#8220;1_3,1_3,1_3&#8243; make_equal=&#8220;on&#8220; _builder_version=&#8220;4.27.4&#8243; _module_preset=&#8220;default&#8220; locked=&#8220;off&#8220; global_colors_info=&#8220;{}&#8220;][et_pb_column type=&#8220;1_3&#8243; _builder_version=&#8220;4.27.3&#8243; _module_preset=&#8220;default&#8220; custom_css_main_element=&#8220;margin:auto;&#8220; global_colors_info=&#8220;{}&#8220;][et_pb_toggle title=&#8220;Die Schrankenkarte&#8220; open_toggle_text_color=&#8220;#FFFFFF&#8220; _builder_version=&#8220;4.27.5&#8243; _module_preset=&#8220;default&#8220; title_text_color=&#8220;#FFFFFF&#8220; background_color=&#8220;gcid-64bcecb8-1e08-4484-8de3-a2058d1920a9&#8243; hover_enabled=&#8220;0&#8243; global_colors_info=&#8220;{%22gcid-64bcecb8-1e08-4484-8de3-a2058d1920a9%22:%91%22background_color%22%93}&#8220; sticky_enabled=&#8220;0&#8243;]<\/p>\n<p><span>Wird bei der Ankunft ausgestellt und gilt f\u00fcr den Zugang zum Schwimmbad, f\u00fcr das Waschen und Trocknen der W\u00e4sche in der W\u00e4scherei und f\u00fcr das Betreten und Verlassen des Campingplatzes.<\/span><\/p>\n<p>[\/et_pb_toggle][et_pb_toggle title=&#8220;Wie Sie sich beschweren k\u00f6nnen&#8220; open_toggle_text_color=&#8220;#FFFFFF&#8220; _builder_version=&#8220;4.27.5&#8243; _module_preset=&#8220;default&#8220; title_text_color=&#8220;#FFFFFF&#8220; background_color=&#8220;gcid-64bcecb8-1e08-4484-8de3-a2058d1920a9&#8243; hover_enabled=&#8220;0&#8243; global_colors_info=&#8220;{%22gcid-64bcecb8-1e08-4484-8de3-a2058d1920a9%22:%91%22background_color%22%93}&#8220; sticky_enabled=&#8220;0&#8243;]<\/p>\n<p>Wenn Sie bei einem Produkt, einer Buchung oder einem Aufenthalt auf dem Campingplatz etwas erlebt haben, das nicht Ihren Erwartungen entspricht, haben Sie folgende M\u00f6glichkeiten:<br \/>&#8211; Kontaktieren Sie Esbjerg Camping so schnell wie m\u00f6glich mit Ihrer Beschwerde. Wenn wir eine Beschwerde \u00fcber ein Produkt, eine Buchung oder einen Aufenthalt erhalten, werden wir die Beschwerde so schnell wie m\u00f6glich bearbeiten. Esbjerg Camping entscheidet, ob wir die Beschwerde f\u00fcr gerechtfertigt halten, ob die erhaltene Ware erstattet\/umgetauscht oder eine Entsch\u00e4digung gezahlt werden muss.<br \/>&#8211; Wenn Sie Ihre Beschwerde bei einer externen Stelle einreichen m\u00f6chten, k\u00f6nnen Sie sich an das Complaints Resolution Centre wenden.<br \/>&#8211; Wenn Sie im Dialog mit Esbjerg Camping oder der Beschwerdestelle keine zufriedenstellende L\u00f6sung f\u00fcr Ihre Beschwerde finden, k\u00f6nnen Sie sich bei der Verbraucherzentrale beschweren. Die Verbraucherbeschwerdestelle trifft eine rechtliche Entscheidung in dem Fall.<br \/>Lesen Sie mehr \u00fcber das \u00f6ffentliche Verbraucherbeschwerdesystem:<br \/><a href=\"https:\/\/naevneneshus.dk\/start-din-klage\/center-for-klageloesning-og-forbrugerklagenaevnet\/\">Haus der Gremien<\/a><\/p>\n<p>[\/et_pb_toggle][et_pb_toggle title=&#8220;Schwimmbad&#8220; open_toggle_text_color=&#8220;#FFFFFF&#8220; _builder_version=&#8220;4.27.5&#8243; _module_preset=&#8220;default&#8220; title_text_color=&#8220;#FFFFFF&#8220; background_color=&#8220;gcid-64bcecb8-1e08-4484-8de3-a2058d1920a9&#8243; hover_enabled=&#8220;0&#8243; global_colors_info=&#8220;{%22gcid-64bcecb8-1e08-4484-8de3-a2058d1920a9%22:%91%22background_color%22%93}&#8220; sticky_enabled=&#8220;0&#8243;]<\/p>\n<p>Der Pool ist vom Pfingsten bis zum letzten Wochenende im August ge\u00f6ffnet. Der Pool ist von 10.00 &#8211; 19.00 Uhr ge\u00f6ffnet. Die Nutzung des Schwimmbads ist kostenlos.<\/p>\n<p>[\/et_pb_toggle][et_pb_toggle title=&#8220;Internet&#8220; open_toggle_text_color=&#8220;#FFFFFF&#8220; _builder_version=&#8220;4.27.4&#8243; _module_preset=&#8220;default&#8220; title_text_color=&#8220;#FFFFFF&#8220; background_color=&#8220;gcid-64bcecb8-1e08-4484-8de3-a2058d1920a9&#8243; global_colors_info=&#8220;{%22gcid-64bcecb8-1e08-4484-8de3-a2058d1920a9%22:%91%22background_color%22%93}&#8220;]<\/p>\n<p>Auf dem gesamten Campingplatz gibt es Internet. Die Internetverbindung wird nicht zum Streamen von TV und Filmen genutzt, sondern nur zum Surfen im Internet. <\/p>\n<p>&nbsp;<\/p>\n<p>[\/et_pb_toggle][\/et_pb_column][et_pb_column type=&#8220;1_3&#8243; _builder_version=&#8220;4.27.3&#8243; _module_preset=&#8220;default&#8220; custom_css_main_element=&#8220;margin:auto;&#8220; global_colors_info=&#8220;{}&#8220;][et_pb_toggle title=&#8220;W\u00e4scherei&#8220; open_toggle_text_color=&#8220;#FFFFFF&#8220; _builder_version=&#8220;4.27.3&#8243; _module_preset=&#8220;default&#8220; title_text_color=&#8220;#FFFFFF&#8220; background_color=&#8220;gcid-64bcecb8-1e08-4484-8de3-a2058d1920a9&#8243; global_colors_info=&#8220;{%22gcid-64bcecb8-1e08-4484-8de3-a2058d1920a9%22:%91%22background_color%22%93}&#8220;]<\/p>\n<p><span>Es gibt einen Waschsalon vor Ort. Er kostet DKK 30 pro W\u00e4sche. <\/span><\/p>\n<p>[\/et_pb_toggle][et_pb_toggle title=&#8220;Ankunft und Abreise&#8220; open_toggle_text_color=&#8220;#FFFFFF&#8220; _builder_version=&#8220;4.27.4&#8243; _module_preset=&#8220;default&#8220; title_text_color=&#8220;#FFFFFF&#8220; background_color=&#8220;gcid-64bcecb8-1e08-4484-8de3-a2058d1920a9&#8243; global_colors_info=&#8220;{%22gcid-64bcecb8-1e08-4484-8de3-a2058d1920a9%22:%91%22background_color%22,%22background_color%22,%22background_color%22%93}&#8220;]<\/p>\n<p>Ankunft in den Kabinen nicht fr\u00fcher als 15:00 Uhr &#8211; Abreise nicht sp\u00e4ter als 10:00 Uhr<\/p>\n<p>Ankunft an den Stellpl\u00e4tzen um 14.00 Uhr &#8211; Abreise sp\u00e4testens um 12.00 Uhr, in der Nebensaison sp\u00e4testens um 12.00 Uhr, die Abreise kann dann sp\u00e4testens um 14.00 Uhr erfolgen<\/p>\n<p>[\/et_pb_toggle][et_pb_toggle title=&#8220;Ausstattung der K\u00fcche&#8220; open_toggle_text_color=&#8220;#FFFFFF&#8220; _builder_version=&#8220;4.27.4&#8243; _module_preset=&#8220;default&#8220; title_text_color=&#8220;#FFFFFF&#8220; background_color=&#8220;gcid-64bcecb8-1e08-4484-8de3-a2058d1920a9&#8243; global_colors_info=&#8220;{%22gcid-64bcecb8-1e08-4484-8de3-a2058d1920a9%22:%91%22background_color%22%93}&#8220;]<\/p>\n<div id=\"panel-1217-1-1-0\" class=\"so-panel widget widget_sow-editor panel-first-child\" data-index=\"7\">\n<div class=\"so-widget-sow-editor so-widget-sow-editor-base\">\n<div class=\"siteorigin-widget-tinymce textwidget\">\n<p>Es gibt 3 Gemeinschaftsk\u00fcchen vor Ort. Alle verf\u00fcgen \u00fcber elektrische Herdplatten und Back\u00f6fen sowie Backbleche. Die Backbleche m\u00fcssen jedoch an der Rezeption ausgeliehen werden.  <\/p>\n<\/div>\n<\/div>\n<\/div>\n<div id=\"panel-1217-1-1-1\" class=\"so-panel widget widget_sow-editor\" data-index=\"8\">\n<div class=\"so-widget-sow-editor so-widget-sow-editor-base\">\n<div class=\"siteorigin-widget-tinymce textwidget\"><\/div>\n<\/div>\n<\/div>\n<p>[\/et_pb_toggle][et_pb_toggle title=&#8220;Tagesbesucher&#8220; open_toggle_text_color=&#8220;#FFFFFF&#8220; _builder_version=&#8220;4.27.3&#8243; _module_preset=&#8220;default&#8220; title_text_color=&#8220;#FFFFFF&#8220; background_color=&#8220;gcid-64bcecb8-1e08-4484-8de3-a2058d1920a9&#8243; global_colors_info=&#8220;{%22gcid-64bcecb8-1e08-4484-8de3-a2058d1920a9%22:%91%22background_color%22%93}&#8220;]<\/p>\n<div id=\"panel-1217-1-1-1\" class=\"so-panel widget widget_sow-editor\" data-index=\"8\">\n<div class=\"so-widget-sow-editor so-widget-sow-editor-base\">\n<div class=\"siteorigin-widget-tinymce textwidget\">\n<p>Besucher zahlen 25 DKK pro Person. Alle Besucher m\u00fcssen sich vor dem Betreten des Gel\u00e4ndes an der Rezeption melden. Tagesg\u00e4ste haben keinen Zugang zum Poolbereich.  <\/p>\n<\/div>\n<\/div>\n<\/div>\n<div id=\"panel-1217-1-1-2\" class=\"so-panel widget widget_sow-editor\" data-index=\"9\">\n<div class=\"so-widget-sow-editor so-widget-sow-editor-base\">\n<div class=\"siteorigin-widget-tinymce textwidget\"><\/div>\n<\/div>\n<\/div>\n<p>[\/et_pb_toggle][\/et_pb_column][et_pb_column type=&#8220;1_3&#8243; _builder_version=&#8220;4.27.3&#8243; _module_preset=&#8220;default&#8220; custom_css_main_element=&#8220;margin:auto;&#8220; global_colors_info=&#8220;{}&#8220;][et_pb_toggle title=&#8220;Rauchen&#8220; open_toggle_text_color=&#8220;#FFFFFF&#8220; _builder_version=&#8220;4.27.5&#8243; _module_preset=&#8220;default&#8220; title_text_color=&#8220;#FFFFFF&#8220; background_color=&#8220;gcid-64bcecb8-1e08-4484-8de3-a2058d1920a9&#8243; hover_enabled=&#8220;0&#8243; global_colors_info=&#8220;{%22gcid-64bcecb8-1e08-4484-8de3-a2058d1920a9%22:%91%22background_color%22%93}&#8220; sticky_enabled=&#8220;0&#8243;]<\/p>\n<div id=\"panel-1217-1-1-2\" class=\"so-panel widget widget_sow-editor\" data-index=\"9\">\n<div class=\"so-widget-sow-editor so-widget-sow-editor-base\">\n<div class=\"siteorigin-widget-tinymce textwidget\">\n<p>Das Rauchen ist in allen Innenbereichen, einschlie\u00dflich aller H\u00fctten und der Rezeption, verboten.<\/p>\n<\/div>\n<\/div>\n<\/div>\n<div id=\"panel-1217-1-1-3\" class=\"so-panel widget widget_sow-editor\" data-index=\"10\">\n<div class=\"so-widget-sow-editor so-widget-sow-editor-base\">\n<div class=\"siteorigin-widget-tinymce textwidget\"><\/div>\n<\/div>\n<\/div>\n<p>[\/et_pb_toggle][et_pb_toggle title=&#8220;Defibrillator&#8220; open_toggle_text_color=&#8220;#FFFFFF&#8220; _builder_version=&#8220;4.27.4&#8243; _module_preset=&#8220;default&#8220; title_text_color=&#8220;#FFFFFF&#8220; background_color=&#8220;gcid-64bcecb8-1e08-4484-8de3-a2058d1920a9&#8243; global_colors_info=&#8220;{%22gcid-64bcecb8-1e08-4484-8de3-a2058d1920a9%22:%91%22background_color%22%93}&#8220;]<\/p>\n<div id=\"panel-1217-1-1-3\" class=\"so-panel widget widget_sow-editor\" data-index=\"10\">\n<div class=\"so-widget-sow-editor so-widget-sow-editor-base\">\n<div class=\"siteorigin-widget-tinymce textwidget\">\n<p>Ein Defibrillator ist an der Rezeption und in der K\u00fcche vorhanden.<\/p>\n<\/div>\n<\/div>\n<\/div>\n<div id=\"panel-1217-1-1-4\" class=\"so-panel widget widget_sow-editor panel-last-child\" data-index=\"11\">\n<div class=\"so-widget-sow-editor so-widget-sow-editor-base\">\n<div class=\"siteorigin-widget-tinymce textwidget\"><\/div>\n<\/div>\n<\/div>\n<p>[\/et_pb_toggle][et_pb_toggle title=&#8220;Ruhe auf dem Platz&#8220; open_toggle_text_color=&#8220;#FFFFFF&#8220; _builder_version=&#8220;4.27.3&#8243; _module_preset=&#8220;default&#8220; title_text_color=&#8220;#FFFFFF&#8220; background_color=&#8220;gcid-64bcecb8-1e08-4484-8de3-a2058d1920a9&#8243; global_colors_info=&#8220;{%22gcid-64bcecb8-1e08-4484-8de3-a2058d1920a9%22:%91%22background_color%22%93}&#8220;]<\/p>\n<p><main id=\"site-content\"><\/p>\n<article class=\"post-1217 page type-page status-publish hentry\" id=\"post-1217\">\n<div class=\"post-inner \">\n<div class=\"entry-content\">\n<div id=\"pl-1217\" class=\"panel-layout\">\n<div id=\"pg-1217-1\" class=\"panel-grid panel-has-style\">\n<div class=\"siteorigin-panels-stretch panel-row-style panel-row-style-for-1217-1\" data-stretch-type=\"full\">\n<div id=\"pgc-1217-1-1\" class=\"panel-grid-cell\">\n<div id=\"panel-1217-1-1-4\" class=\"so-panel widget widget_sow-editor panel-last-child\" data-index=\"11\">\n<div class=\"so-widget-sow-editor so-widget-sow-editor-base\">\n<div class=\"siteorigin-widget-tinymce textwidget\">\n<p>Nehmen Sie R\u00fccksicht auf Ihre Nachbarn &#8211; ab 22:00 Uhr muss auf dem Gel\u00e4nde Ruhe herrschen, d.h. das Spielen auf dem Spielplatz, die Musik im Vorzelt etc. muss aufh\u00f6ren. Au\u00dferdem muss der Platz zwischen 23.00 und 07.00 Uhr absolut ruhig sein.  <\/p>\n<\/div>\n<\/div>\n<\/div>\n<\/div>\n<\/div>\n<\/div>\n<\/div>\n<\/div>\n<\/div>\n<div class=\"section-inner\"><\/div>\n<\/article>\n<p><\/main><\/p>\n<div class=\"footer-nav-widgets-wrapper header-footer-group\">\n<div class=\"footer-inner section-inner\">\n<aside class=\"footer-widgets-outer-wrapper\">\n<div class=\"footer-widgets-wrapper\">\n<div class=\"footer-widgets column-one grid-item\">\n<div class=\"widget widget_siteorigin-panels-builder\">\n<div class=\"widget-content\">\n<div id=\"pl-w6714d8b93c8ec\" class=\"panel-layout\">\n<div id=\"pg-w6714d8b93c8ec-0\" class=\"panel-grid panel-no-style\">\n<div id=\"pgc-w6714d8b93c8ec-0-0\" class=\"panel-grid-cell\">\n<div id=\"panel-w6714d8b93c8ec-0-0-0\" class=\"so-panel widget widget_sow-editor panel-first-child panel-last-child\" data-index=\"0\">\n<div class=\"so-widget-sow-editor so-widget-sow-editor-base\">\n<div class=\"siteorigin-widget-tinymce textwidget\"><\/div>\n<\/div>\n<\/div>\n<\/div>\n<\/div>\n<\/div>\n<\/div>\n<\/div>\n<\/div>\n<\/div>\n<\/aside>\n<\/div>\n<\/div>\n<p>[\/et_pb_toggle][\/et_pb_column][\/et_pb_row][\/et_pb_section]<\/p>\n","protected":false},"excerpt":{"rendered":"<p>Informationen \/ FAQWir haben eine \u00dcbersicht \u00fcber einige der am h\u00e4ufigsten gestellten Fragen zusammengestellt, damit Sie die Antwort auf einige Ihrer eigenen Fragen finden k\u00f6nnen. Glauben Sie, dass es bestimmte Themen gibt, die fehlen? Lassen Sie es uns an der Rezeption wissen und wir werden diese Seite auf dem neuesten Stand halten.Bequeme Telefonnummern. 112 Alarm [&hellip;]<\/p>\n","protected":false},"author":1,"featured_media":0,"parent":102072,"menu_order":0,"comment_status":"closed","ping_status":"closed","template":"","meta":{"_et_pb_use_builder":"on","_et_pb_old_content":"","_et_gb_content_width":"","footnotes":""},"folder":[],"class_list":["post-101970","page","type-page","status-publish","hentry"],"yoast_head":"<!-- This site is optimized with the Yoast SEO plugin v27.4 - https:\/\/yoast.com\/product\/yoast-seo-wordpress\/ -->\n<title>FAQ - H\u00e4ufig gestellte Fragen | Esbjerg Camping in Westj\u00fctland<\/title>\n<meta name=\"description\" content=\"Hier erhalten Sie Antworten auf Ihre Fragen zu Esbjerg Camping - von der Buchung \u00fcber die Einrichtungen bis hin zu den \u00d6ffnungszeiten und praktischen Informationen. Hier finden Sie alles, was Sie f\u00fcr einen sicheren Aufenthalt in Westj\u00fctland wissen m\u00fcssen.\" \/>\n<meta name=\"robots\" content=\"index, follow, max-snippet:-1, max-image-preview:large, max-video-preview:-1\" \/>\n<link rel=\"canonical\" href=\"https:\/\/esbjergcamping.dk\/de\/das-quadrat\/faq\/\" \/>\n<meta property=\"og:locale\" content=\"de_DE\" \/>\n<meta property=\"og:type\" content=\"article\" \/>\n<meta property=\"og:title\" content=\"FAQ - H\u00e4ufig gestellte Fragen | Esbjerg Camping in Westj\u00fctland\" \/>\n<meta property=\"og:description\" content=\"Hier erhalten Sie Antworten auf Ihre Fragen zu Esbjerg Camping - von der Buchung \u00fcber die Einrichtungen bis hin zu den \u00d6ffnungszeiten und praktischen Informationen. Hier finden Sie alles, was Sie f\u00fcr einen sicheren Aufenthalt in Westj\u00fctland wissen m\u00fcssen.\" \/>\n<meta property=\"og:url\" content=\"https:\/\/esbjergcamping.dk\/de\/das-quadrat\/faq\/\" \/>\n<meta property=\"og:site_name\" content=\"Esbjerg Camping\" \/>\n<meta property=\"article:modified_time\" content=\"2026-04-23T12:38:28+00:00\" \/>\n<meta name=\"twitter:card\" content=\"summary_large_image\" \/>\n<meta name=\"twitter:label1\" content=\"Gesch\u00e4tzte Lesezeit\" \/>\n\t<meta name=\"twitter:data1\" content=\"8\u00a0Minuten\" \/>\n<script type=\"application\/ld+json\" class=\"yoast-schema-graph\">{\"@context\":\"https:\\\/\\\/schema.org\",\"@graph\":[{\"@type\":\"WebPage\",\"@id\":\"https:\\\/\\\/esbjergcamping.dk\\\/de\\\/das-quadrat\\\/faq\\\/\",\"url\":\"https:\\\/\\\/esbjergcamping.dk\\\/de\\\/das-quadrat\\\/faq\\\/\",\"name\":\"FAQ - H\u00e4ufig gestellte Fragen | Esbjerg Camping in Westj\u00fctland\",\"isPartOf\":{\"@id\":\"https:\\\/\\\/esbjergcamping.dk\\\/de\\\/#website\"},\"datePublished\":\"2024-11-17T13:34:44+00:00\",\"dateModified\":\"2026-04-23T12:38:28+00:00\",\"description\":\"Hier erhalten Sie Antworten auf Ihre Fragen zu Esbjerg Camping - von der Buchung \u00fcber die Einrichtungen bis hin zu den \u00d6ffnungszeiten und praktischen Informationen. Hier finden Sie alles, was Sie f\u00fcr einen sicheren Aufenthalt in Westj\u00fctland wissen m\u00fcssen.\",\"breadcrumb\":{\"@id\":\"https:\\\/\\\/esbjergcamping.dk\\\/de\\\/das-quadrat\\\/faq\\\/#breadcrumb\"},\"inLanguage\":\"de\",\"potentialAction\":[{\"@type\":\"ReadAction\",\"target\":[\"https:\\\/\\\/esbjergcamping.dk\\\/de\\\/das-quadrat\\\/faq\\\/\"]}]},{\"@type\":\"BreadcrumbList\",\"@id\":\"https:\\\/\\\/esbjergcamping.dk\\\/de\\\/das-quadrat\\\/faq\\\/#breadcrumb\",\"itemListElement\":[{\"@type\":\"ListItem\",\"position\":1,\"name\":\"Home\",\"item\":\"https:\\\/\\\/esbjergcamping.dk\\\/de\\\/\"},{\"@type\":\"ListItem\",\"position\":2,\"name\":\"Das Quadrat\",\"item\":\"https:\\\/\\\/esbjergcamping.dk\\\/de\\\/das-quadrat\\\/\"},{\"@type\":\"ListItem\",\"position\":3,\"name\":\"FAQ\"}]},{\"@type\":\"WebSite\",\"@id\":\"https:\\\/\\\/esbjergcamping.dk\\\/de\\\/#website\",\"url\":\"https:\\\/\\\/esbjergcamping.dk\\\/de\\\/\",\"name\":\"Esbjerg Camping\",\"description\":\"Din n\u00e6ste campingferie\",\"potentialAction\":[{\"@type\":\"SearchAction\",\"target\":{\"@type\":\"EntryPoint\",\"urlTemplate\":\"https:\\\/\\\/esbjergcamping.dk\\\/de\\\/?s={search_term_string}\"},\"query-input\":{\"@type\":\"PropertyValueSpecification\",\"valueRequired\":true,\"valueName\":\"search_term_string\"}}],\"inLanguage\":\"de\"}]}<\/script>\n<!-- \/ Yoast SEO plugin. -->","yoast_head_json":{"title":"FAQ - H\u00e4ufig gestellte Fragen | Esbjerg Camping in Westj\u00fctland","description":"Hier erhalten Sie Antworten auf Ihre Fragen zu Esbjerg Camping - von der Buchung \u00fcber die Einrichtungen bis hin zu den \u00d6ffnungszeiten und praktischen Informationen. Hier finden Sie alles, was Sie f\u00fcr einen sicheren Aufenthalt in Westj\u00fctland wissen m\u00fcssen.","robots":{"index":"index","follow":"follow","max-snippet":"max-snippet:-1","max-image-preview":"max-image-preview:large","max-video-preview":"max-video-preview:-1"},"canonical":"https:\/\/esbjergcamping.dk\/de\/das-quadrat\/faq\/","og_locale":"de_DE","og_type":"article","og_title":"FAQ - H\u00e4ufig gestellte Fragen | Esbjerg Camping in Westj\u00fctland","og_description":"Hier erhalten Sie Antworten auf Ihre Fragen zu Esbjerg Camping - von der Buchung \u00fcber die Einrichtungen bis hin zu den \u00d6ffnungszeiten und praktischen Informationen. Hier finden Sie alles, was Sie f\u00fcr einen sicheren Aufenthalt in Westj\u00fctland wissen m\u00fcssen.","og_url":"https:\/\/esbjergcamping.dk\/de\/das-quadrat\/faq\/","og_site_name":"Esbjerg Camping","article_modified_time":"2026-04-23T12:38:28+00:00","twitter_card":"summary_large_image","twitter_misc":{"Gesch\u00e4tzte Lesezeit":"8\u00a0Minuten"},"schema":{"@context":"https:\/\/schema.org","@graph":[{"@type":"WebPage","@id":"https:\/\/esbjergcamping.dk\/de\/das-quadrat\/faq\/","url":"https:\/\/esbjergcamping.dk\/de\/das-quadrat\/faq\/","name":"FAQ - H\u00e4ufig gestellte Fragen | Esbjerg Camping in Westj\u00fctland","isPartOf":{"@id":"https:\/\/esbjergcamping.dk\/de\/#website"},"datePublished":"2024-11-17T13:34:44+00:00","dateModified":"2026-04-23T12:38:28+00:00","description":"Hier erhalten Sie Antworten auf Ihre Fragen zu Esbjerg Camping - von der Buchung \u00fcber die Einrichtungen bis hin zu den \u00d6ffnungszeiten und praktischen Informationen. Hier finden Sie alles, was Sie f\u00fcr einen sicheren Aufenthalt in Westj\u00fctland wissen m\u00fcssen.","breadcrumb":{"@id":"https:\/\/esbjergcamping.dk\/de\/das-quadrat\/faq\/#breadcrumb"},"inLanguage":"de","potentialAction":[{"@type":"ReadAction","target":["https:\/\/esbjergcamping.dk\/de\/das-quadrat\/faq\/"]}]},{"@type":"BreadcrumbList","@id":"https:\/\/esbjergcamping.dk\/de\/das-quadrat\/faq\/#breadcrumb","itemListElement":[{"@type":"ListItem","position":1,"name":"Home","item":"https:\/\/esbjergcamping.dk\/de\/"},{"@type":"ListItem","position":2,"name":"Das Quadrat","item":"https:\/\/esbjergcamping.dk\/de\/das-quadrat\/"},{"@type":"ListItem","position":3,"name":"FAQ"}]},{"@type":"WebSite","@id":"https:\/\/esbjergcamping.dk\/de\/#website","url":"https:\/\/esbjergcamping.dk\/de\/","name":"Esbjerg Camping","description":"Din n\u00e6ste campingferie","potentialAction":[{"@type":"SearchAction","target":{"@type":"EntryPoint","urlTemplate":"https:\/\/esbjergcamping.dk\/de\/?s={search_term_string}"},"query-input":{"@type":"PropertyValueSpecification","valueRequired":true,"valueName":"search_term_string"}}],"inLanguage":"de"}]}},"_links":{"self":[{"href":"https:\/\/esbjergcamping.dk\/de\/wp-json\/wp\/v2\/pages\/101970","targetHints":{"allow":["GET"]}}],"collection":[{"href":"https:\/\/esbjergcamping.dk\/de\/wp-json\/wp\/v2\/pages"}],"about":[{"href":"https:\/\/esbjergcamping.dk\/de\/wp-json\/wp\/v2\/types\/page"}],"author":[{"embeddable":true,"href":"https:\/\/esbjergcamping.dk\/de\/wp-json\/wp\/v2\/users\/1"}],"replies":[{"embeddable":true,"href":"https:\/\/esbjergcamping.dk\/de\/wp-json\/wp\/v2\/comments?post=101970"}],"version-history":[{"count":7,"href":"https:\/\/esbjergcamping.dk\/de\/wp-json\/wp\/v2\/pages\/101970\/revisions"}],"predecessor-version":[{"id":103868,"href":"https:\/\/esbjergcamping.dk\/de\/wp-json\/wp\/v2\/pages\/101970\/revisions\/103868"}],"up":[{"embeddable":true,"href":"https:\/\/esbjergcamping.dk\/de\/wp-json\/wp\/v2\/pages\/102072"}],"wp:attachment":[{"href":"https:\/\/esbjergcamping.dk\/de\/wp-json\/wp\/v2\/media?parent=101970"}],"wp:term":[{"taxonomy":"folder","embeddable":true,"href":"https:\/\/esbjergcamping.dk\/de\/wp-json\/wp\/v2\/folder?post=101970"}],"curies":[{"name":"wp","href":"https:\/\/api.w.org\/{rel}","templated":true}]}}